
{"id":25807,"date":"2026-01-20T09:07:44","date_gmt":"2026-01-20T09:07:44","guid":{"rendered":"https:\/\/nicolaecatrina.com\/en\/?page_id=25807"},"modified":"2026-04-15T10:09:44","modified_gmt":"2026-04-15T10:09:44","slug":"kashmir-shaivism-follow-up-intensive-workshop","status":"publish","type":"page","link":"https:\/\/nicolaecatrina.com\/ro\/kashmir-shaivism-follow-up-intensive-workshop-2\/","title":{"rendered":"Kashmir Shaivism Follow up Intensive Workshop"},"content":{"rendered":"<h2 class=\"wp-block-heading has-text-align-center\">CEL DE AL DOILEA workshop intensiv dedicat aprofund\u0103rii ini\u021bierii \u00een <em>Mahamrityunjaya Mantra<\/em><\/h2>\n\n\n\n<h4 class=\"wp-block-heading has-text-align-center\">27 februarie &#8211; 1 martie 2026, Online<\/h4>\n\n\n\n<h3 class=\"wp-block-heading has-text-align-center has-medium-font-size\">&#8211; cu Nicolae Catrina (Adinathananda) &#8211;<\/h3>\n\n\n\n<div style=\"height:75px\" aria-hidden=\"true\" class=\"wp-block-spacer\"><\/div>\n\n\n\n<div style=\"height:37px\" aria-hidden=\"true\" class=\"wp-block-spacer\"><\/div>\n\n\n\n<ul class=\"is-style-none\">\n<li>\u00cen cadrul acestei continu\u0103ri \u0219i aprofund\u0103ri a ini\u021bierii \u00een <em>Maha Mrityunjaya mantra<\/em> \u0219i \u00een ezoterismul Ipostazei <em>Amriteshvara Bhairava (Shiva Mrityunjaya)<\/em>, va fi oferit\u0103 <strong>O NOU\u0102 SERIE DE METODE \u0218I PROCEDEE SPECIALE<\/strong> din cadrul unor tradi\u021bii ezoterice ca: Amrita Yoga, Kaula Tantra, Alchimia tantric\u0103 erotic\u0103 etc.<\/li>\n\n\n\n<li><\/li>\n\n\n\n<li>Toate aceste practici spirituale integreaz\u0103 \u0219i utilizeaz\u0103 eficient excep\u021bionala energie ocult\u0103 binef\u0103c\u0103toare, revitalizant\u0103, regenerant\u0103, purificatoare, a mantra-ei fundamentale ce este cunoscut\u0103 \u00een \u00eentreaga spiritualitate a Indiei sub numele de \u201e<em>Mantra esen\u021bial\u0103 a nemuririi spirituale\u201d (Maha Mrityunjaya mantra)<\/em>, ea fiind totodat\u0103 \u0219i <em>mantra<\/em> principal\u0103 de comuniune cu sfera universal\u0103 de for\u021b\u0103 \u0219i con\u0219tiin\u021b\u0103 a Ipostazei <em>Amriteshvara Bhairava (Shiva Mrityunjaya)<\/em>.<\/li>\n\n\n\n<li><\/li>\n<\/ul>\n\n\n\n<h3 class=\"wp-block-heading\" style=\"font-size:22px\"><strong>Condi\u021bii de participare<\/strong><\/h3>\n\n\n\n<ul class=\"is-style-none\">\n<li>\u2756 <em>\u00centruc\u00e2t multe dintre tehnicile care vor fi prezentate \u00een cadrul acestui workshop pot fi practicate (de\u0219i cu o eficien\u021b\u0103 mai redus\u0103) chiar \u0219i \u00een absen\u021ba ini\u021bierii \u00een Maha Mrityunjaya mantra, participarea la acest workshop nu este condi\u021bionat\u0103 de participarea prealabil\u0103 la taberele de \u0218ivaism \u00een care a fost oferit\u0103 ini\u021bierea \u00een Maha Mrityunjaya mantra.&nbsp;<\/em><\/li>\n\n\n\n<li><\/li>\n\n\n\n<li><strong><span style=\"text-decoration: underline;\" class=\"ek-underline\">Primul eveniment dedicat unor impulsion\u0103ri spirituale personale \u00een leg\u0103tur\u0103 cu Amrita Shakti, \u00eentr-un cadru ceremonial tradi\u021bional, va avea loc la Cluj, \u00een 1 martie 2026.<\/span><\/strong><\/li>\n\n\n\n<li><\/li>\n\n\n\n<li><strong>Acest eveniment se adreseaz\u0103 tuturor celor care au participat anterior la cel pu\u021bin unul dintre cele dou\u0103 workshop-uri intensive de aprofundare a ini\u021bierii \u00een <em>Mahamrityunjaya mantra<\/em>.<\/strong><\/li>\n<\/ul>\n\n\n\n<div style=\"height:39px\" aria-hidden=\"true\" class=\"wp-block-spacer\"><\/div>\n\n\n\n<div class=\"wp-block-cover is-light is-style-editorskit-shadow\" style=\"min-height:168px;aspect-ratio:unset;\"><span aria-hidden=\"true\" class=\"wp-block-cover__background has-background-dim-100 has-background-dim\" style=\"background-color:#f6e4ae\"><\/span><div class=\"wp-block-cover__inner-container is-layout-flow wp-block-cover-is-layout-flow\">\n<h2 class=\"wp-block-heading has-text-align-center has-black-color has-text-color\"><strong>Sesiunea live<\/strong><\/h2>\n\n\n\n<h4 class=\"wp-block-heading has-text-align-center has-black-color has-text-color\">27 februarie &#8211; 1 martie 2026, Online<\/h4>\n\n\n\n<h4 class=\"wp-block-heading has-text-align-center has-black-color has-text-color\">&#8211; cu Nicolae Catrina (Adinathananda) &#8211;<\/h4>\n\n\n\n<div style=\"height:43px\" aria-hidden=\"true\" class=\"wp-block-spacer\"><\/div>\n\n\n\n<h4 class=\"wp-block-heading has-black-color has-text-color has-link-color wp-elements-bf93e07623c4409a445edbc44cf8f191\" style=\"font-size:22px\"><strong>Taxa de participare<\/strong><\/h4>\n\n\n\n<ul class=\"is-style-none\">\n<li>Early bird (p\u00e2n\u0103 pe 8 februarie, 00:00 ora Rom\u00e2niei) &#8212; 110\u20ac<\/li>\n\n\n\n<li>Last minute &#8212; 150\u20ac<\/li>\n\n\n\n<li><\/li>\n\n\n\n<li>\u2756 Taxa de participare nu este rambursabil\u0103!<\/li>\n<\/ul>\n\n\n\n<h3 class=\"wp-block-heading has-black-color has-text-color has-link-color wp-elements-8dc4680e68d7e5c643034198c8aced7d\" style=\"font-size:22px\"><strong><strong>Dore\u0219ti s\u0103 te \u00eenscrii la evenimentul online live ?<\/strong><\/strong><\/h3>\n\n\n\n<ul class=\"is-style-none\">\n<li><ul class=\"is-style-none\"><\/ul><\/li>\n\n\n\n<li><strong>Plata prin card credit\/debit<\/strong>:<\/li>\n\n\n\n<li><\/li>\n\n\n\n<li>Pay 110\u20ac (early bird)<\/li>\n\n\n\n<li><a href=\"https:\/\/nicolaecatrina.com\/confirmare-comanda\/?buy-now=25907\" class=\"ek-link\">Pay 150\u20ac<\/a> (last minute)<\/li>\n<\/ul>\n\n\n\n<ul class=\"is-style-none\">\n<li>\u2756 Pentru evenimentul live vom folosi aplica\u021bia Zoom. Linkul \u0219i parola pentru conectarea pe platforma online Zoom v\u0103 vor fi trimise prin e-mail cu o zi \u00eenainte de \u00eenceperea evenimentului live. Acestea nu trebuie distribuite altor persoane.<\/li>\n\n\n\n<li>\u2756 Dup\u0103 ce trimitem e-mailul cu informa\u021biile necesare tuturor participan\u021bilor, nu ne asum\u0103m responsabilitatea dac\u0103 cineva particip\u0103 sau nu la eveniment, ori dac\u0103, din motive care nu au leg\u0103tur\u0103 cu noi, nu particip\u0103 la  vizionarea unor secven\u021be din seria de seminarii. De asemenea, este responsabilitatea dumneavoastr\u0103 s\u0103 ne contacta\u021bi din timp dac\u0103, din orice motiv, nu a\u021bi primit informa\u021biile necesare pentru a v\u0103 al\u0103tura evenimentului live.<\/li>\n\n\n\n<li>\u2756 FOARTE IMPORTANT! V\u0103 rug\u0103m s\u0103 v\u0103 conecta\u021bi la webinarele de pe platforma Zoom folosind numele \u0219i prenumele cu care v-a\u021bi \u00eenscris. Dac\u0103 folosi\u021bi un alt nume pe care nu \u00eel putem identifica \u00een lista de participan\u021bi, ve\u021bi fi elimina\u021bi din sesiune \u0219i nu ve\u021bi putea reintra, iar con\u021binutul pierdut nu va putea fi recuperat. V\u0103 rug\u0103m s\u0103 v\u0103 conecta\u021bi de pe un singur dispozitiv, nu de pe mai multe, \u0219i s\u0103 verifica\u021bi \u00een mod regulat chatul, \u00een cazul \u00een care este nevoie s\u0103 v\u0103 contact\u0103m.<\/li>\n\n\n\n<li>\u2756 Dac\u0103 v-a\u021bi \u00eenscris doar pentru evenimentul live, dar nu pute\u021bi participa \u0219i, \u00een consecin\u021b\u0103, dori\u021bi transferul c\u0103tre sesiunea de reluare (replay), v\u0103 rug\u0103m s\u0103 ne anun\u021ba\u021bi \u0219i s\u0103 primi\u021bi confirmarea noastr\u0103 \u00eenainte de \u00eenceperea retreat-ului.<\/li>\n\n\n\n<li>\u2756 Am creat un canal de Telegram prin intermediul c\u0103ruia v\u0103 vom trimite memento-uri, notific\u0103ri \u0219i materiale. Linkul de acces v\u0103 va fi trimis prin e-mail.<\/li>\n<\/ul>\n\n\n\n<div style=\"height:50px\" aria-hidden=\"true\" class=\"wp-block-spacer\"><\/div>\n<\/div><\/div>\n\n\n\n<div style=\"height:52px\" aria-hidden=\"true\" class=\"wp-block-spacer\"><\/div>\n\n\n\n<h3 class=\"wp-block-heading\" style=\"font-size:22px\"><strong>Traducere<\/strong><\/h3>\n\n\n\n<p>Oferim traducere simultan\u0103 \u00een limba rom\u00e2n\u0103.<\/p>\n\n\n\n<h3 class=\"wp-block-heading\" style=\"font-size:22px\"><strong>Programul evenimentului<\/strong> (ora Rom\u00e2niei este CET + 1)<\/h3>\n\n\n\n<div class=\"wp-block-group has-black-background-color has-background\"><div class=\"wp-block-group__inner-container is-layout-constrained wp-block-group-is-layout-constrained\">\n<div class=\"wp-block-columns is-style-default has-black-color has-text-color has-background has-black-color is-layout-flex wp-container-core-columns-is-layout-4 wp-block-columns-is-layout-flex\" style=\"background-color:#fdfaef\">\n<div class=\"wp-block-column has-black-color has-text-color has-black-color is-layout-flow wp-block-column-is-layout-flow\" style=\"flex-basis:33.33%\">\n<p class=\"has-black-color has-text-color\"><strong>Vineri, 28 februarie<\/strong><\/p>\n<\/div>\n\n\n\n<div class=\"wp-block-column is-layout-flow wp-block-column-is-layout-flow\" style=\"flex-basis:66.66%\">\n<p class=\"has-black-color has-text-color\">18:00 CET &#8211; 20:30 CET<\/p>\n<\/div>\n<\/div>\n\n\n\n<div class=\"wp-block-columns is-style-default has-black-color has-text-color has-background has-black-color is-layout-flex wp-container-core-columns-is-layout-5 wp-block-columns-is-layout-flex\" style=\"background-color:#fdfaef\">\n<div class=\"wp-block-column has-black-color has-text-color has-black-color is-layout-flow wp-block-column-is-layout-flow\" style=\"flex-basis:33.33%\">\n<p class=\"has-black-color has-text-color\"><strong>S\u00e2mb\u0103t\u0103, 28 februarie<\/strong><\/p>\n<\/div>\n\n\n\n<div class=\"wp-block-column is-layout-flow wp-block-column-is-layout-flow\" style=\"flex-basis:66.66%\">\n<p class=\"has-black-color has-text-color\">12:00 CET \u2013 14:30 CET, 16:00 CET &#8211; 18:30 CET<\/p>\n<\/div>\n<\/div>\n\n\n\n<div class=\"wp-block-columns is-style-gapless has-black-color has-text-color has-background has-black-color is-layout-flex wp-container-core-columns-is-layout-6 wp-block-columns-is-layout-flex\" style=\"background-color:#fdfaef\">\n<div class=\"wp-block-column has-background is-layout-flow wp-block-column-is-layout-flow\" style=\"background-color:#fdfaef;flex-basis:33.33%\">\n<p class=\"has-black-color has-text-color\"><strong>Duminic\u0103, 1 martie<\/strong><\/p>\n<\/div>\n\n\n\n<div class=\"wp-block-column has-background is-layout-flow wp-block-column-is-layout-flow\" style=\"background-color:#fdfaef;flex-basis:66.66%\">\n<p class=\"has-black-color has-text-color\">11:00 CET \u2013 13:30 CET,<\/p>\n\n\n\n<p><strong>Evenimentul special incepe cu ora 16:00 CET<\/strong><\/p>\n<\/div>\n<\/div>\n<\/div><\/div>\n\n\n\n<div style=\"height:63px\" aria-hidden=\"true\" class=\"wp-block-spacer\"><\/div>\n\n\n\n<div class=\"wp-block-cover is-light is-style-editorskit-shadow\" style=\"min-height:168px;aspect-ratio:unset;\"><span aria-hidden=\"true\" class=\"wp-block-cover__background has-background-dim-100 has-background-dim\" style=\"background-color:#f6e4ae\"><\/span><div class=\"wp-block-cover__inner-container is-layout-flow wp-block-cover-is-layout-flow\">\n<h2 class=\"wp-block-heading has-text-align-center has-black-color has-text-color\"><strong>Sesiunea de recuper\u0103ri pe baza \u00eenregistr\u0103rilor<\/strong><\/h2>\n\n\n\n<h4 class=\"wp-block-heading has-text-align-center has-black-color has-text-color\">14 martie 10:00 CET (11:00 ora Rom\u00e2niei) &#8211; 15 martie 21:00 CET (22:00 ora Rom\u00e2niei)<\/h4>\n\n\n\n<div style=\"height:43px\" aria-hidden=\"true\" class=\"wp-block-spacer\"><\/div>\n\n\n\n<ul class=\"is-style-none\">\n<li><br>\u2756&nbsp;Aceast\u0103 op\u021biune este valabil\u0103 \u0219i pentru vorbitorii de limb\u0103 rom\u00e2n\u0103 prin selectarea canalului de traducere.<\/li>\n\n\n\n<li>\u2756&nbsp;\u00cen ziua dedicat\u0103 recuper\u0103rilor, la ora 10:00 CET (11:00 ora Rom\u00e2niei), vom trimite un e-mail cu link-urile si parolele necesare revizion\u0103rii workshop-ului. Dac\u0103 dup\u0103 aceast\u0103 or\u0103 nu g\u0103si\u021bi \u00een c\u0103su\u021ba de Inbox sau \u00een cea de Spam email-ul respectiv, v\u0103 rug\u0103m s\u0103 ne contacta\u021bi \u00een cel mai scurt timp posibil pe adresa noastr\u0103 de email: <a href=\"mailto:contact@nicolaecatrina.com\" class=\"ek-link\">contact@nicolaecatrina.com<\/a>. Link-urile pentru revizionare vor r\u0103m\u00e2ne active p\u00e2n\u0103 la orele indicate mai sus. V\u0103 rug\u0103m s\u0103 v\u0103 \u00eencadra\u021bi cu revizionarea \u00een acest interval. Nu vor fi prelungiri.<\/li>\n\n\n\n<li>\u2756&nbsp;Taxa de participare nu este rambursabil\u0103 dec\u00e2t \u00een cazul \u00een care evenimentul nu se sus\u021bine.<\/li>\n\n\n\n<li>\u2756&nbsp;Odat\u0103 trimis mail-ul care con\u021bine datele necesare revizion\u0103rii, nu este \u00een niciun fel responsabilitatea noastr\u0103 dac\u0103 participa\u021bi sau nu la acest eveniment, sau dac\u0103 participa\u021bi par\u021bial. De asemenea, este responsabilitatea dumneavoastr\u0103 s\u0103 ne anun\u021ba\u021bi \u00een timp util, dac\u0103, indiferent de motiv, nu a\u021bi primit datele de logare.<\/li>\n\n\n\n<li>\u2756 Nu suntem de acord cu \u00eenregistrarea audio-video a acestui eveniment.<\/li>\n\n\n\n<li>\u2756 V\u0103 rug\u0103m s\u0103 da\u021bi dovad\u0103 de corectitudine \u0219i s\u0103 nu participa\u021bi la aceast\u0103 revizionare \u00eempreun\u0103 cu alte persoane care nu au achitat taxa de participare.<\/li>\n<\/ul>\n\n\n\n<h3 class=\"wp-block-heading has-black-color has-text-color has-link-color wp-elements-926aae0a65f4510856eff0632c391730\" style=\"font-size:22px\"><strong>Metode de plat\u0103<\/strong><\/h3>\n\n\n\n<ul class=\"is-style-none\">\n<li><strong>Plata prin card credit\/debit<\/strong>:<\/li>\n\n\n\n<li><\/li>\n\n\n\n<li>Pl\u0103tesc 110\u20ac (early bird p\u00e2n\u0103 pe 8 februarie)<\/li>\n\n\n\n<li><a href=\"https:\/\/nicolaecatrina.com\/confirmare-comanda\/?buy-now=25910\" class=\"ek-link\">Pl\u0103tesc 150\u20ac<\/a> (last minute)<\/li>\n<\/ul>\n\n\n\n<div style=\"height:50px\" aria-hidden=\"true\" class=\"wp-block-spacer\"><\/div>\n<\/div><\/div>\n\n\n\n<div style=\"height:48px\" aria-hidden=\"true\" class=\"wp-block-spacer\"><\/div>\n\n\n\n<div class=\"wp-block-group\"><div class=\"wp-block-group__inner-container is-layout-constrained wp-block-group-is-layout-constrained\">\n<ul class=\"is-style-none\">\n<li>\u2756 Pentru detalii v\u0103 rug\u0103m s\u0103 ne contacta\u021bi la <a href=\"mailto:contact@nicolaecatrina.com\" class=\"ek-link\">contact@nicolaecatrina.com<\/a><\/li>\n\n\n\n<li><\/li>\n<\/ul>\n<\/div><\/div>\n\n\n\n<p><\/p>\n<\/div><\/div>\n\n\n\n<div style=\"height:32px\" aria-hidden=\"true\" class=\"wp-block-spacer\"><\/div>\n\n\n\n<div style=\"height:40px\" aria-hidden=\"true\" class=\"wp-block-spacer\"><\/div>","protected":false},"excerpt":{"rendered":"<p>CEL DE AL DOILEA workshop intensiv dedicat aprofund\u0103rii ini\u021bierii \u00een Mahamrityunjaya Mantra 27 februarie &#8211; 1 martie 2026, Online &#8211; cu Nicolae Catrina (Adinathananda) &#8211; Condi\u021bii de participare Traducere Oferim traducere simultan\u0103 \u00een limba rom\u00e2n\u0103. Programul evenimentului (ora Rom\u00e2niei este CET + 1) Vineri, 28 februarie 18:00 CET &#8211; 20:30 CET S\u00e2mb\u0103t\u0103, 28 februarie 12:00 &hellip;<\/p>\n<p class=\"read-more\"> <a class=\"\" href=\"https:\/\/nicolaecatrina.com\/ro\/kashmir-shaivism-follow-up-intensive-workshop-2\/\"> <span class=\"screen-reader-text\">Kashmir Shaivism Follow up Intensive Workshop<\/span> Read More &raquo;<\/a><\/p>","protected":false},"author":1,"featured_media":0,"parent":0,"menu_order":0,"comment_status":"closed","ping_status":"closed","template":"","meta":{"_acf_changed":false,"_editorskit_title_hidden":false,"_editorskit_reading_time":0,"_editorskit_is_block_options_detached":false,"_editorskit_block_options_position":"{}","footnotes":""},"acf":[],"_links":{"self":[{"href":"https:\/\/nicolaecatrina.com\/ro\/wp-json\/wp\/v2\/pages\/25807"}],"collection":[{"href":"https:\/\/nicolaecatrina.com\/ro\/wp-json\/wp\/v2\/pages"}],"about":[{"href":"https:\/\/nicolaecatrina.com\/ro\/wp-json\/wp\/v2\/types\/page"}],"author":[{"embeddable":true,"href":"https:\/\/nicolaecatrina.com\/ro\/wp-json\/wp\/v2\/users\/1"}],"replies":[{"embeddable":true,"href":"https:\/\/nicolaecatrina.com\/ro\/wp-json\/wp\/v2\/comments?post=25807"}],"version-history":[{"count":23,"href":"https:\/\/nicolaecatrina.com\/ro\/wp-json\/wp\/v2\/pages\/25807\/revisions"}],"predecessor-version":[{"id":26930,"href":"https:\/\/nicolaecatrina.com\/ro\/wp-json\/wp\/v2\/pages\/25807\/revisions\/26930"}],"wp:attachment":[{"href":"https:\/\/nicolaecatrina.com\/ro\/wp-json\/wp\/v2\/media?parent=25807"}],"curies":[{"name":"wp","href":"https:\/\/api.w.org\/{rel}","templated":true}]}}