
{"id":16925,"date":"2024-03-10T12:34:21","date_gmt":"2024-03-10T12:34:21","guid":{"rendered":"https:\/\/nicolaecatrina.com\/en\/?page_id=16925"},"modified":"2024-04-04T07:05:42","modified_gmt":"2024-04-04T07:05:42","slug":"international-kashmir-shaivism-retreat-2","status":"publish","type":"page","link":"https:\/\/nicolaecatrina.com\/ro\/ks-retreat-2024\/","title":{"rendered":"International KASHMIR Shaivism RETREAT"},"content":{"rendered":"<h2 class=\"wp-block-heading has-text-align-center\"><\/p>\n\n\n\n<h2 class=\"wp-block-heading has-text-align-center\"><strong><strong>Tab\u0103ra interna\u0163ional\u0103 de \u0218ivaism<\/strong><\/strong> <strong>Ca\u0219mirian<\/strong><\/h2>\n\n\n\n<h3 class=\"wp-block-heading has-text-align-center\">28 martie &#8211; 1 aprilie 2024   online live<\/h3>\n\n\n\n<h4 class=\"wp-block-heading has-text-align-center has-black-color has-text-color\" style=\"font-size:22px\"><strong>cu Nicolae Catrina (Adinathananda)<\/strong><\/h4>\n\n\n\n<div style=\"height:38px\" aria-hidden=\"true\" class=\"wp-block-spacer\"><\/div>\n\n\n\n<div style=\"height:37px\" aria-hidden=\"true\" class=\"wp-block-spacer\"><\/div>\n\n\n\n<p>Unanim considerat\u0103 de c\u0103tre cunosc\u0103tori ca fiind cea mai elevat\u0103, mai rafinat\u0103 \u0219i mai pur\u0103 form\u0103 de Tantra, tradi\u021bia \u0218ivaismului Ca\u0219mirian ofer\u0103 at\u00e2t o metafizic\u0103 deosebit de complex\u0103, c\u00e2t \u0219i unele dintre cele mai directe, rapide, complete \u0219i extraordinare modalit\u0103\u021bi de realizare spiritual\u0103.<\/p>\n\n\n\n<p>Cadrul teoretic \u0219i practic al acestei tabere spirituale, ce este cu totul unic prin abordarea, deopotriv\u0103, foarte eficient\u0103, dar \u0219i perfect accesibil\u0103 omului modern \u2013 a tradi\u021biei \u0218ivaismului din Ca\u0219mir \u2013 va oferi tuturor participan\u021bilor posibilitatea transla\u021biei euforice pe niveluri net superioare de con\u0219tiin\u021b\u0103, precum \u0219i accesul la autentice st\u0103ri de iluminare spiritual\u0103.<\/p>\n\n\n\n<div class=\"wp-block-group has-background\" style=\"background-color:#f6e4ae\"><div class=\"wp-block-group__inner-container is-layout-constrained wp-block-group-is-layout-constrained\">\n<div style=\"height:26px\" aria-hidden=\"true\" class=\"wp-block-spacer\"><\/div>\n\n\n\n<p class=\"ek-margin--sm\">Aceast\u0103 tab\u0103r\u0103 spiritual\u0103 va fi dedicat\u0103 cu prec\u0103dere ezoterismului unei forme esen\u021biale \u0219i unice a supremei <em>Shakti<\/em>: <em>DURGA<\/em> &#8211; Marea Protectoare, Mama Universal\u0103, Eroina Invincibil\u0103 \u0219i Salvatoarea Invincibil\u0103.<\/p>\n\n\n\n<p class=\"ek-margin--sm\">To\u021bi paricipan\u021bii la aceat\u0103 tab\u0103r\u0103 spiritual\u0103 vor primi ini\u021bierea \u00een <em>bija<\/em>&#8211;<em>mantra<\/em> secret\u0103 a lui <em>DURGA<\/em>, la o dat\u0103 care va fi anun\u021bat\u0103 ulterior.<\/p>\n\n\n\n<div style=\"height:26px\" aria-hidden=\"true\" class=\"wp-block-spacer\"><\/div>\n<\/div><\/div>\n\n\n\n<div style=\"height:55px\" aria-hidden=\"true\" class=\"wp-block-spacer\"><\/div>\n\n\n\n<h4 class=\"wp-block-heading has-black-color has-text-color has-link-color wp-elements-5f63937a705e2cc90b429960f60b2d24\" style=\"font-size:22px\"><strong>\u00cen cadrul acestei tabere spirituale vor fi oferite de asemenea:<\/strong><\/h4>\n\n\n\n<p>\u2756 Revela\u021bii tradi\u021bionale referitoare la misterioasele energii creatoare universale ce sunt cunoscute sub numele de <em>Yogini<\/em>-uri \u0219i care pot declan\u0219a, printre altele, trezirea energiei fundamentale, nesf\u00e2r\u0219ite a fiin\u021bei, <em>Kundalini Shakti<\/em>, precum \u0219i atingerea a numeroase realiz\u0103ri spirituale extraordinare (<em>siddhi<\/em> -uri)&nbsp;<\/p>\n\n\n\n<p>\u2756&nbsp;Modalit\u0103\u021bi eficiente de atingere a st\u0103rii de iluminare spiritual\u0103 precum \u0219i a numeroase efecte binef\u0103c\u0103toare, cum ar fi: trezirea \u0219i dezvoltarea condi\u021biei superioare de <em>Shakti<\/em> (femeile) \u0219i a condi\u021biei ideale de <em>Vira<\/em> (b\u0103rba\u021bii), vindecare spiritual\u0103 \u0219i emo\u021bional\u0103, regenerare, protec\u021bie spiritual\u0103 infailibil\u0103, purificare \u0219i alchimizare <em>karma<\/em>-ic\u0103 etc.<\/p>\n\n\n\n<div style=\"height:51px\" aria-hidden=\"true\" class=\"wp-block-spacer\"><\/div>\n\n\n\n<h3 class=\"wp-block-heading\"><strong>Modul de desf\u0103\u0219urare a taberei spirituale<\/strong><\/h3>\n\n\n\n<div style=\"height:37px\" aria-hidden=\"true\" class=\"wp-block-spacer\"><\/div>\n\n\n\n<div class=\"wp-block-columns is-style-gapless is-layout-flex wp-container-core-columns-is-layout-9 wp-block-columns-is-layout-flex\">\n<div class=\"wp-block-column is-layout-flow wp-block-column-is-layout-flow\" style=\"flex-basis:100%\">\n<div class=\"wp-block-group\"><div class=\"wp-block-group__inner-container is-layout-flow wp-block-group-is-layout-flow\">\n<div class=\"wp-block-cover is-light is-style-editorskit-shadow\"><span aria-hidden=\"true\" class=\"wp-block-cover__background has-background-dim-100 has-background-dim\" style=\"background-color:#f6e4ae\"><\/span><div class=\"wp-block-cover__inner-container is-layout-flow wp-block-cover-is-layout-flow\">\n<h3 class=\"wp-block-heading has-text-align-center has-black-color has-text-color\"><strong><strong>Sesiunea online live<\/strong><\/strong><\/h3>\n\n\n\n<h4 class=\"wp-block-heading has-text-align-center has-black-color has-text-color\"><strong>28 martie &#8211; 1 aprilie<\/strong><\/h4>\n\n\n\n<h4 class=\"wp-block-heading has-black-color has-text-color\" style=\"font-size:22px\"><strong><strong>Taxa de participare<\/strong><\/strong><\/h4>\n\n\n\n<ul class=\"is-style-arrow has-black-color has-text-color has-black-color\">\n<li>Early early bird (p\u00e2n\u0103 pe 17 martie &#8211; Romanian time) \u2013 120\u20ac<\/li>\n\n\n\n<li>Early bird (p\u00e2n\u0103 pe 24 martie &#8211; Romanian time) \u2013 160\u20ac<\/li>\n\n\n\n<li>Taxa intreag\u0103 \u2013 200\u20ac<\/li>\n<\/ul>\n\n\n\n<p>\u2756&nbsp;Dac\u0103 dori\u021bi sa dona\u021bi taxa de participare asocia\u021biei Self Awakening pentru a sus\u021bine activit\u0103\u021bile noastre caritabile, ve\u021bi beneficia de 10% reducere. Aceast\u0103 op\u021biune este valabil\u0103 doar pentru pl\u0103\u021bile cash, la centrul nostru din Cluj-Napoca. Pentru program\u0103ri, v\u0103 rug\u0103m s\u0103 ne contacta\u021bi la 0771047048.<\/p>\n\n\n\n<h4 class=\"wp-block-heading has-black-color has-text-color\" style=\"font-size:22px\"><strong><strong>Dore\u0219ti s\u0103 te \u00eenscrii la evenimentul online live?<\/strong><\/strong><\/h4>\n\n\n\n<p class=\"has-medium-font-size\"><strong><strong>Plata prin Netopia &#8211; via debit\/credit card<\/strong><\/strong><\/p>\n\n\n\n<form class=\"cart\" enctype=\"multipart\/form-data\" method=\"post\" action=\"\"><input class=\"input-text qty text\" title=\"Qty\" size=\"2\" name=\"quantity\" type=\"text\" value=\"1\">&nbsp;<button class=\"single_add_to_cart_button button alt\" name=\"add-to-cart\" type=\"submit\" value=\"7596\">Pl\u0103tesc 995 lei<\/button>&nbsp;<span style=\"color:#000\"><\/span> \n<input type=\"hidden\" name=\"trp-form-language\" value=\"ro\"\/><\/form>\n\n\n\n<div style=\"height:43px\" aria-hidden=\"true\" class=\"wp-block-spacer\"><\/div>\n\n\n\n<p>\u2756&nbsp;Taxa de participare nu este rambursabil\u0103 dec\u00e2t \u00een cazul \u00een care evenimentul nu se sus\u021bine.<\/p>\n\n\n\n<p><strong>\u2756&nbsp;<\/strong>Pentru evenimentul live, vom folosi aplica\u021bia Zoom. Link-ul \u0219i parola necesare conect\u0103rii pe aceast\u0103 aplica\u021bie v\u0103 vor fi trimise cu o zi \u00eenainte de \u00eenceperea evenimentului. Aceste informa\u021bii nu sunt transmisibile altor persoane.<\/p>\n\n\n\n<p>\u2756&nbsp;Odat\u0103 trimis mail-ul care con\u021bine datele de logare, nu este \u00een niciun fel responsabilitatea noastr\u0103 dac\u0103 participa\u021bi sau nu la acest eveniment, sau dac\u0103 participa\u021bi par\u021bial. De asemenea, este responsabilitatea dumneavoastr\u0103 s\u0103 ne anun\u021ba\u021bi din timp, dac\u0103, indiferent de motiv, nu a\u021bi primit datele de logare.<\/p>\n\n\n\n<h4 class=\"wp-block-heading has-black-color has-text-color has-link-color wp-elements-4fa48f27c7533c9208537477286b2e9e\" style=\"font-size:19px\">\u2756 IMPORTANT! V\u0103 rug\u0103m frumos s\u0103 v\u0103 \u00eenscrie\u021bi pe platforma Zoom cu numele si prenumele cu care v-a\u021bi \u00eenscris la aceast\u0103 tab\u0103r\u0103. Dac\u0103 folosi\u021bi un nume diferit pe care nu-l putem identifica pe lista noastr\u0103 de \u00eenscri\u0219i, v\u0103 vom elimina \u0219i nu ve\u021bi mai putea reintra \u00een aplica\u021bie. \u00centr-o astfel de situa\u021bie, ve\u021bi pierde \u00eent\u00e2lnirea respectiv\u0103 \u0219i nu ve\u021bi avea acces la \u00eenregistrarea ei. V\u0103 rug\u0103m, de asemeni, s\u0103 v\u0103 conecta\u021bi folosind doar un singur dispozitiv \u0219i \u00een mod regulat verifica\u021bi c\u0103su\u021ba de chat \u00een cazul \u00een care dorim s\u0103 lu\u0103m leg\u0103tura cu dumneavoastr\u0103.<\/h4>\n\n\n\n<p>\u2756&nbsp;Pentru aceia dintre dumneavoastr\u0103 care v-a\u021bi \u00eenscris la sesiunea online live, \u00eenregistr\u0103rile \u00een limba englez\u0103 sunt disponibile  \u00een timpul taberei \u0219i pe durata sesiunii de recuper\u0103ri la un extra-cost de 9eu\/\u00eent\u00e2lnire, indiferent dac\u0103 a\u021bi participat sau nu la aceasta.<\/p>\n\n\n\n<p>\u2756&nbsp;Nu este posibil s\u0103 participa\u021bi par\u021bial la sesiunea live a evenimentului \u0219i s\u0103 solicita\u021bi accesul la \u00eenregistr\u0103ri pentru \u00eent\u00e2lnirile la care a\u021bi lipsit, dec\u00e2t dac\u0103 pl\u0103ti\u021bi extra 9eu\/\u00eent\u00e2lnire.<\/p>\n\n\n\n<p>\u2756&nbsp;Dac\u0103 v\u0103 \u00eenscrie\u021bi la evenimentul live, dar nu mai pute\u021bi participa \u0219i dori\u021bi transferul la sesiunea de \u00eenregistr\u0103ri, este necesar s\u0103 ne aduce\u021bi la cuno\u0219tin\u021b\u0103 aceasta (\u0219i s\u0103 primi\u021bi un e-mail de confirmare din partea noastr\u0103) \u00eenainte de \u00eenceperea taberei.<\/p>\n\n\n\n<p>\u2756 Am creat pe Telegram un canal dedicat acestui eveniment, unde v\u0103 vom trimite remindere, notific\u0103ri \u0219i materiale. Ve\u021bi primi prin mail link-ul de acces.<\/p>\n\n\n\n<h4 class=\"wp-block-heading has-black-color has-text-color\"><strong>TRADUCERE<\/strong><\/h4>\n\n\n\n<p class=\"has-black-color has-text-color\">\u2756 La cerere, va fi oferit\u0103 traducere simultan\u0103 \u00een limba rom\u00e2n\u0103<\/p>\n\n\n\n<p>\u2756 Putem organiza traduceri simultane \u0219i \u00een alte limbi, pentru grupuri de minim 10 persoane.<\/p>\n<\/div><\/div>\n<\/div><\/div>\n<\/div>\n<\/div>\n\n\n\n<div style=\"height:40px\" aria-hidden=\"true\" class=\"wp-block-spacer\"><\/div>\n\n\n\n<div class=\"wp-block-group\"><div class=\"wp-block-group__inner-container is-layout-flow wp-block-group-is-layout-flow\">\n<div class=\"wp-block-group\"><div class=\"wp-block-group__inner-container is-layout-constrained wp-block-group-is-layout-constrained\">\n<h3 class=\"wp-block-heading\"><strong><strong>Programul taberei<\/strong><\/strong><\/h3>\n\n\n\n<div class=\"wp-block-group has-black-background-color has-background\"><div class=\"wp-block-group__inner-container is-layout-constrained wp-block-group-is-layout-constrained\">\n<div class=\"wp-block-columns is-style-default has-black-color has-text-color has-background has-black-color is-layout-flex wp-container-core-columns-is-layout-10 wp-block-columns-is-layout-flex\" style=\"background-color:#fff5db\">\n<div class=\"wp-block-column has-black-color has-text-color has-black-color is-layout-flow wp-block-column-is-layout-flow\" style=\"flex-basis:33.33%\">\n<p class=\"has-black-color has-text-color\"> <strong>Joi, 28<\/strong> <strong>martie<\/strong><\/p>\n<\/div>\n\n\n\n<div class=\"wp-block-column is-layout-flow wp-block-column-is-layout-flow\" style=\"flex-basis:66.66%\">\n<p class=\"has-black-color has-text-color\">18:00 &#8211; 21:00 CET<\/p>\n<\/div>\n<\/div>\n\n\n\n<div class=\"wp-block-columns has-black-color has-text-color has-background has-black-color is-layout-flex wp-container-core-columns-is-layout-11 wp-block-columns-is-layout-flex\" style=\"background-color:#fff5db\">\n<div class=\"wp-block-column is-layout-flow wp-block-column-is-layout-flow\" style=\"flex-basis:33.33%\">\n<p class=\"has-black-color has-text-color\"> <strong>Vineri, <strong>29<\/strong> <strong><strong>martie<\/strong><\/strong><\/strong><\/p>\n<\/div>\n\n\n\n<div class=\"wp-block-column is-layout-flow wp-block-column-is-layout-flow\" style=\"flex-basis:66.66%\">\n<p class=\"has-black-color has-text-color\">14:00 &#8211; 16:30 CET, 18:00- 20:30 CET<\/p>\n<\/div>\n<\/div>\n\n\n\n<div class=\"wp-block-columns has-black-color has-text-color has-background has-black-color is-layout-flex wp-container-core-columns-is-layout-12 wp-block-columns-is-layout-flex\" style=\"background-color:#fff5db\">\n<div class=\"wp-block-column is-layout-flow wp-block-column-is-layout-flow\" style=\"flex-basis:33.33%\">\n<p class=\"has-black-color has-text-color\"> <strong>S\u00e2mb\u0103t\u0103, <strong>30<\/strong> <strong><strong><strong><strong>martie<\/strong><\/strong><\/strong><\/strong><\/strong><\/p>\n<\/div>\n\n\n\n<div class=\"wp-block-column is-layout-flow wp-block-column-is-layout-flow\" style=\"flex-basis:66.66%\">\n<p class=\"has-black-color has-text-color\">11:00 &#8211; 13:30 CET, 15:30 &#8211; 18:00 CET, 20:00 &#8211; 21:30 CET<\/p>\n<\/div>\n<\/div>\n\n\n\n<div class=\"wp-block-columns has-black-color has-text-color has-background has-black-color is-layout-flex wp-container-core-columns-is-layout-13 wp-block-columns-is-layout-flex\" style=\"background-color:#fff5db\">\n<div class=\"wp-block-column is-layout-flow wp-block-column-is-layout-flow\" style=\"flex-basis:33.33%\">\n<p class=\"has-black-color has-text-color\"> <strong>Duminic\u0103, <strong>31<\/strong> <strong><strong><strong><strong>martie<\/strong><\/strong><\/strong><\/strong><\/strong><\/p>\n<\/div>\n\n\n\n<div class=\"wp-block-column is-layout-flow wp-block-column-is-layout-flow\" style=\"flex-basis:66.66%\">\n<p class=\"has-black-color has-text-color has-link-color wp-elements-75a24b94053cb3267fcb0851edb87836\">11:00 &#8211; 13:30 CEST, 15:30 &#8211; 18:00 CEST, 20:00 &#8211; 21:30 CEST<\/p>\n<\/div>\n<\/div>\n\n\n\n<div class=\"wp-block-columns has-black-color has-text-color has-background has-black-color is-layout-flex wp-container-core-columns-is-layout-14 wp-block-columns-is-layout-flex\" style=\"background-color:#fff5db\">\n<div class=\"wp-block-column is-layout-flow wp-block-column-is-layout-flow\" style=\"flex-basis:33.33%\">\n<p class=\"has-black-color has-text-color\"> <strong>Luni, <strong>1<\/strong> <strong><strong><strong>aprilie<\/strong><\/strong><\/strong><\/strong><\/p>\n<\/div>\n\n\n\n<div class=\"wp-block-column is-layout-flow wp-block-column-is-layout-flow\" style=\"flex-basis:66.66%\">\n<p class=\"has-black-color has-text-color\">11:00 &#8211; 14:00 CEST<\/p>\n<\/div>\n<\/div>\n<\/div><\/div>\n<\/div><\/div>\n<\/div><\/div>\n\n\n\n<div style=\"height:33px\" aria-hidden=\"true\" class=\"wp-block-spacer\"><\/div>\n\n\n\n<div class=\"wp-block-cover is-light is-style-editorskit-shadow\" style=\"min-height:168px;aspect-ratio:unset;\"><span aria-hidden=\"true\" class=\"wp-block-cover__background has-background-dim-100 has-background-dim\" style=\"background-color:#f6e4ae\"><\/span><div class=\"wp-block-cover__inner-container is-layout-flow wp-block-cover-is-layout-flow\">\n<h3 class=\"wp-block-heading has-text-align-center has-black-color has-text-color\"><strong><strong>Sesiunea de recuper\u0103ri pe baza \u00eenregistr\u0103rilor<\/strong><\/strong><\/h3>\n\n\n\n<h4 class=\"wp-block-heading has-text-align-center has-black-color has-text-color\"><strong> 4 aprilie 18:00 &#8211; 7 aprilie 20:00<\/strong><\/h4>\n\n\n\n<div style=\"height:41px\" aria-hidden=\"true\" class=\"wp-block-spacer\"><\/div>\n\n\n\n<h4 class=\"wp-block-heading has-black-color has-text-color\" style=\"font-size:18px\">\u2756&nbsp;Aceast\u0103 optiune este valabil\u0103 doar pentru vorbitorii de limb\u0103 englez\u0103.<\/h4>\n\n\n\n<h4 class=\"wp-block-heading has-black-color has-text-color\" style=\"font-size:18px;font-style:normal;font-weight:500\">\u2756&nbsp;Pentru detalii suplimentare v\u0103 rug\u0103m s\u0103 consulta\u021bi pagina \u00een limba <a href=\"https:\/\/nicolaecatrina.com\/en\/ks-retreat-2024\/\" class=\"ek-link\"><bdo lang=\"en\" dir=\"ltr\"><span style=\"text-decoration: underline;\" class=\"ek-underline\">englez\u0103<\/span><\/bdo><\/a>.<strong> <\/strong><\/h4>\n<\/div><\/div>\n\n\n\n<div style=\"height:33px\" aria-hidden=\"true\" class=\"wp-block-spacer\"><\/div>\n\n\n\n<div style=\"height:27px\" aria-hidden=\"true\" class=\"wp-block-spacer\"><\/div>\n\n\n\n<p>\u2756&nbsp;Prin \u00eenscrierea la acest eveniment, sunte\u021bi de acord cu <a href=\"https:\/\/nicolaecatrina.com\/termeni-si-conditii\">termenii \u0219i condi\u021biile<\/a> \u0219i cu toate regulile de desf\u0103\u0219urare prezentate mai jos<\/p>\n\n\n\n<p>\u2756&nbsp;Pentru informa\u021bii suplimentare v\u0103 rug\u0103m s\u0103 ne contacta\u021bi pe adresa de e-mail: contact@nicolaecatrina.com. Urm\u0103rim s\u0103 r\u0103spundem \u00een cel mai scurt timp, de luni p\u00e2n\u0103 vineri.<\/p>\n\n\n\n<p><\/p>","protected":false},"excerpt":{"rendered":"<p>Tab\u0103ra interna\u0163ional\u0103 de \u0218ivaism Ca\u0219mirian 28 martie &#8211; 1 aprilie 2024 online live cu Nicolae Catrina (Adinathananda) Unanim considerat\u0103 de c\u0103tre cunosc\u0103tori ca fiind cea mai elevat\u0103, mai rafinat\u0103 \u0219i mai pur\u0103 form\u0103 de Tantra, tradi\u021bia \u0218ivaismului Ca\u0219mirian ofer\u0103 at\u00e2t o metafizic\u0103 deosebit de complex\u0103, c\u00e2t \u0219i unele dintre cele mai directe, rapide, complete \u0219i &hellip;<\/p>\n<p class=\"read-more\"> <a class=\"\" href=\"https:\/\/nicolaecatrina.com\/ro\/ks-retreat-2024\/\"> <span class=\"screen-reader-text\">International KASHMIR Shaivism RETREAT<\/span> Read More &raquo;<\/a><\/p>","protected":false},"author":1,"featured_media":0,"parent":0,"menu_order":0,"comment_status":"closed","ping_status":"closed","template":"","meta":{"_acf_changed":false,"_editorskit_title_hidden":false,"_editorskit_reading_time":5,"_editorskit_is_block_options_detached":false,"_editorskit_block_options_position":"{}","footnotes":""},"acf":[],"_links":{"self":[{"href":"https:\/\/nicolaecatrina.com\/ro\/wp-json\/wp\/v2\/pages\/16925"}],"collection":[{"href":"https:\/\/nicolaecatrina.com\/ro\/wp-json\/wp\/v2\/pages"}],"about":[{"href":"https:\/\/nicolaecatrina.com\/ro\/wp-json\/wp\/v2\/types\/page"}],"author":[{"embeddable":true,"href":"https:\/\/nicolaecatrina.com\/ro\/wp-json\/wp\/v2\/users\/1"}],"replies":[{"embeddable":true,"href":"https:\/\/nicolaecatrina.com\/ro\/wp-json\/wp\/v2\/comments?post=16925"}],"version-history":[{"count":75,"href":"https:\/\/nicolaecatrina.com\/ro\/wp-json\/wp\/v2\/pages\/16925\/revisions"}],"predecessor-version":[{"id":22077,"href":"https:\/\/nicolaecatrina.com\/ro\/wp-json\/wp\/v2\/pages\/16925\/revisions\/22077"}],"wp:attachment":[{"href":"https:\/\/nicolaecatrina.com\/ro\/wp-json\/wp\/v2\/media?parent=16925"}],"curies":[{"name":"wp","href":"https:\/\/api.w.org\/{rel}","templated":true}]}}